{"id":55,"date":"2026-01-20T11:50:01","date_gmt":"2026-01-20T11:50:01","guid":{"rendered":"http:\/\/eldrevet.dk\/?page_id=55"},"modified":"2026-01-20T13:24:27","modified_gmt":"2026-01-20T13:24:27","slug":"renovering-af-whisperen","status":"publish","type":"page","link":"https:\/\/eldrevet.dk\/?page_id=55","title":{"rendered":"Renovering af Whisperen"},"content":{"rendered":"\n<p><\/p>\n\n\n\n<p>I starten ville bilen ikke k\u00f8re, da en kontakt&nbsp;der sluttes af l\u00e5get til 220v stikket ikke sluttede, det g\u00f8r den nu og bilen k\u00f8rer igen, men den vil dog ikke bremse, hvilket jeg konstaterede meget t\u00e6t p\u00e5 plankev\u00e6rket ind til naboen, efterfulgt af en s\u00f8 af bremsev\u00e6ske fra venstre baghjul,&nbsp;s\u00e5 det skal der ogs\u00e5 lige kikkes p\u00e5.<\/p>\n\n\n\n<p>Maj 2012<\/p>\n\n\n\n<figure class=\"wp-block-image size-full\"><img loading=\"lazy\" decoding=\"async\" width=\"608\" height=\"407\" src=\"http:\/\/eldrevet.dk\/wp-content\/uploads\/2026\/01\/front_lille.jpg\" alt=\"\" class=\"wp-image-56\" srcset=\"https:\/\/eldrevet.dk\/wp-content\/uploads\/2026\/01\/front_lille.jpg 608w, https:\/\/eldrevet.dk\/wp-content\/uploads\/2026\/01\/front_lille-300x201.jpg 300w\" sizes=\"auto, (max-width: 608px) 100vw, 608px\" \/><\/figure>\n\n\n\n<p>Whisperen med hjelmen \u00e5ben, hvor elektronikken og halvdelen af batterierne sidder<\/p>\n\n\n\n<figure class=\"wp-block-image size-full\"><img loading=\"lazy\" decoding=\"async\" width=\"561\" height=\"373\" src=\"http:\/\/eldrevet.dk\/wp-content\/uploads\/2026\/01\/bag_lille.jpg\" alt=\"\" class=\"wp-image-57\" srcset=\"https:\/\/eldrevet.dk\/wp-content\/uploads\/2026\/01\/bag_lille.jpg 561w, https:\/\/eldrevet.dk\/wp-content\/uploads\/2026\/01\/bag_lille-300x199.jpg 300w\" sizes=\"auto, (max-width: 561px) 100vw, 561px\" \/><\/figure>\n\n\n\n<p>Bagtil hvor laderen og de resterende batterier sidder<\/p>\n\n\n\n<p><strong>Laderen:<\/strong><\/p>\n\n\n\n<p>Jeg havde sat seks styk 12v batterier i bilen for at f\u00e5 en systemsp\u00e6nding p\u00e5 72 volt (og et 12v batteri til den alm. elektronik), disse fyldte dog ikke ikke alt pladsen i bilen ud, men gav mig en mulighed for at teste hvor meget der virkede og ikke virkede.<\/p>\n\n\n\n<figure class=\"wp-block-image size-full\"><img loading=\"lazy\" decoding=\"async\" width=\"192\" height=\"320\" src=\"http:\/\/eldrevet.dk\/wp-content\/uploads\/2026\/01\/lader1.jpg-for-web-normal.jpg\" alt=\"\" class=\"wp-image-58\" srcset=\"https:\/\/eldrevet.dk\/wp-content\/uploads\/2026\/01\/lader1.jpg-for-web-normal.jpg 192w, https:\/\/eldrevet.dk\/wp-content\/uploads\/2026\/01\/lader1.jpg-for-web-normal-180x300.jpg 180w\" sizes=\"auto, (max-width: 192px) 100vw, 192px\" \/><\/figure>\n\n\n\n<p>En samlemuffe var kn\u00e6kket af p\u00e5 laderen, og som en midlertidig l\u00f8sning har jeg loddet ledningerne direkte p\u00e5 de stumper der stak op af printet, indtil jeg f\u00e5r fat i en ny muffe der passer p\u00e5 printet.<\/p>\n\n\n\n<figure class=\"wp-block-image size-full is-resized\"><img loading=\"lazy\" decoding=\"async\" width=\"320\" height=\"192\" src=\"http:\/\/eldrevet.dk\/wp-content\/uploads\/2026\/01\/lader2.jpg-for-web-normal.jpg\" alt=\"\" class=\"wp-image-59\" style=\"aspect-ratio:1.6668023113860178;width:344px;height:auto\" srcset=\"https:\/\/eldrevet.dk\/wp-content\/uploads\/2026\/01\/lader2.jpg-for-web-normal.jpg 320w, https:\/\/eldrevet.dk\/wp-content\/uploads\/2026\/01\/lader2.jpg-for-web-normal-300x180.jpg 300w\" sizes=\"auto, (max-width: 320px) 100vw, 320px\" \/><\/figure>\n\n\n\n<p>Efter laderen s\u00e5 ud til at v\u00e6re intakt, satte jeg 220volt til bilen, hvilket g\u00f8res under frontklappen.<\/p>\n\n\n\n<figure class=\"wp-block-image size-full is-resized\"><img loading=\"lazy\" decoding=\"async\" width=\"320\" height=\"192\" src=\"http:\/\/eldrevet.dk\/wp-content\/uploads\/2026\/01\/lader3.jpg-for-web-normal.jpg\" alt=\"\" class=\"wp-image-60\" style=\"aspect-ratio:1.6668023113860178;width:355px;height:auto\" srcset=\"https:\/\/eldrevet.dk\/wp-content\/uploads\/2026\/01\/lader3.jpg-for-web-normal.jpg 320w, https:\/\/eldrevet.dk\/wp-content\/uploads\/2026\/01\/lader3.jpg-for-web-normal-300x180.jpg 300w\" sizes=\"auto, (max-width: 320px) 100vw, 320px\" \/><\/figure>\n\n\n\n<p>Laderen ser ud til at virke nu, dog er den lavet til \u00e5bne r\u00f8rcelle batterier (12 stk. 6v s\u00e5 vidt jeg kan se)&nbsp;hvilket g\u00f8r at den i slutfasen af ladningen &#8220;gasser&#8221; batterierne (der er ogs\u00e5 knaldgas slanger til at lede gassen ud af bilen), s\u00e5 sp\u00f8rgsm\u00e5let bliver om laderen skal \u00e6ndres til lukkede batterier eller om jeg skal pr\u00f8ve at skaffe nogle \u00e5bne batterier til bilen.<\/p>\n\n\n\n<p>Juni 2012<\/p>\n\n\n\n<p><strong>Bremser:<\/strong><\/p>\n\n\n\n<figure class=\"wp-block-image size-full is-resized\"><img loading=\"lazy\" decoding=\"async\" width=\"320\" height=\"192\" src=\"http:\/\/eldrevet.dk\/wp-content\/uploads\/2026\/01\/brems1.jpg-for-web-normal.jpg\" alt=\"\" class=\"wp-image-61\" style=\"aspect-ratio:1.6668023113860178;width:382px;height:auto\" srcset=\"https:\/\/eldrevet.dk\/wp-content\/uploads\/2026\/01\/brems1.jpg-for-web-normal.jpg 320w, https:\/\/eldrevet.dk\/wp-content\/uploads\/2026\/01\/brems1.jpg-for-web-normal-300x180.jpg 300w\" sizes=\"auto, (max-width: 320px) 100vw, 320px\" \/><\/figure>\n\n\n\n<p><br>Bremsekredsen bagtil\u00a0var ut\u00e6t og problemet kom fra venstre baghjul,<br>en\u00a0stor s\u00f8 af bremsev\u00e6ske gjorde det tydeligt at finde frem til dette.<br>Heldigvis er bremsedelene fra VW og dejligt nemme at skrue p\u00e5 og s\u00e5 vidt jeg kan se ogs\u00e5 nemme at skaffe.<\/p>\n\n\n\n<figure class=\"wp-block-image size-full is-resized\"><img loading=\"lazy\" decoding=\"async\" width=\"320\" height=\"192\" src=\"http:\/\/eldrevet.dk\/wp-content\/uploads\/2026\/01\/brems2.jpg-for-web-normal.jpg\" alt=\"\" class=\"wp-image-63\" style=\"aspect-ratio:1.6668023113860178;width:359px;height:auto\" srcset=\"https:\/\/eldrevet.dk\/wp-content\/uploads\/2026\/01\/brems2.jpg-for-web-normal.jpg 320w, https:\/\/eldrevet.dk\/wp-content\/uploads\/2026\/01\/brems2.jpg-for-web-normal-300x180.jpg 300w\" sizes=\"auto, (max-width: 320px) 100vw, 320px\" \/><\/figure>\n\n\n\n<p>Selve bremsebakkerne s\u00e5 rigtig p\u00e6ne ud, men det er hjulcylinderen der l\u00e6kker, s\u00e5 der skal en ny til for at l\u00f8se problemet s\u00e5 vidt jeg kan se.<\/p>\n\n\n\n<p>August 2012<\/p>\n\n\n\n<p><strong>Karrosseri:<\/strong><\/p>\n\n\n\n<figure class=\"wp-block-image size-full is-resized\"><img loading=\"lazy\" decoding=\"async\" width=\"320\" height=\"240\" src=\"http:\/\/eldrevet.dk\/wp-content\/uploads\/2026\/01\/IMG_7407.JPG-for-web-normal.jpg\" alt=\"\" class=\"wp-image-64\" style=\"width:370px;height:auto\" srcset=\"https:\/\/eldrevet.dk\/wp-content\/uploads\/2026\/01\/IMG_7407.JPG-for-web-normal.jpg 320w, https:\/\/eldrevet.dk\/wp-content\/uploads\/2026\/01\/IMG_7407.JPG-for-web-normal-300x225.jpg 300w\" sizes=\"auto, (max-width: 320px) 100vw, 320px\" \/><\/figure>\n\n\n\n<p>Hele karrosseriet er i et stykke s\u00e5 man skifter ikke bare lige en forsk\u00e6rm<br>hvis den her f\u00e5et en bule, her kan vi se at indersiden og ydersiden af sk\u00e6rmen ikke helt har kontakt mere. Man kan ogs\u00e5 lige skimte l\u00e5get til en br\u00e6ndstofbeholder i bunden af billedet, og den er god nok det er en ren elbil, men indholdet bruges i et fyr der kan varme kabinen op en kold vinterdag.<\/p>\n\n\n\n<p>Placeringen er dog ikke den mest hensigtsm\u00e6ssige da man skal k\u00e6mpe lidt med beslaget til frontklappen, men man skal jo heller ikke s\u00e5 tit derned.<\/p>\n\n\n\n<figure class=\"wp-block-image size-full is-resized\"><img loading=\"lazy\" decoding=\"async\" width=\"320\" height=\"240\" src=\"http:\/\/eldrevet.dk\/wp-content\/uploads\/2026\/01\/IMG_7409.JPG-for-web-normal.jpg\" alt=\"\" class=\"wp-image-66\" style=\"width:382px;height:auto\" srcset=\"https:\/\/eldrevet.dk\/wp-content\/uploads\/2026\/01\/IMG_7409.JPG-for-web-normal.jpg 320w, https:\/\/eldrevet.dk\/wp-content\/uploads\/2026\/01\/IMG_7409.JPG-for-web-normal-300x225.jpg 300w\" sizes=\"auto, (max-width: 320px) 100vw, 320px\" \/><\/figure>\n\n\n\n<p>Der er ikke noget b\u00e6rende i dette omr\u00e5de, s\u00e5 jeg gav det noget kraftigt<br>monteringslim og tvang det p\u00e5 plads.<br>Det kan m\u00e5ske v\u00e6re sv\u00e6rt at se p\u00e5 billedet men beslaget til frontklappen<br>afsl\u00f8re at bilen engang har v\u00e6ret lysebl\u00e5 som man m\u00e5ske ogs\u00e5 husker den<br>fra mange af de billeder der blev brugt i firserne.<\/p>\n\n\n\n<p>November 2012<\/p>\n\n\n\n<p><strong>Bagagerum<\/strong><\/p>\n\n\n\n<figure class=\"wp-block-image size-full is-resized\"><img loading=\"lazy\" decoding=\"async\" width=\"320\" height=\"240\" src=\"http:\/\/eldrevet.dk\/wp-content\/uploads\/2026\/01\/IMG_7458.JPG-for-web-normal.jpg\" alt=\"\" class=\"wp-image-67\" style=\"width:394px;height:auto\" srcset=\"https:\/\/eldrevet.dk\/wp-content\/uploads\/2026\/01\/IMG_7458.JPG-for-web-normal.jpg 320w, https:\/\/eldrevet.dk\/wp-content\/uploads\/2026\/01\/IMG_7458.JPG-for-web-normal-300x225.jpg 300w\" sizes=\"auto, (max-width: 320px) 100vw, 320px\" \/><\/figure>\n\n\n\n<p>Den bundplade der skulle v\u00e6re i bagagerummet var desv\u00e6rre forsvundet i tidens l\u00f8b, s\u00e5 jeg m\u00e5tte igang med at lave en ny, jeg har lavet den todelt, s\u00e5 man kan klappe halvdelen op og kikke til batterierne uden at skulle have hele pladen ud, og s\u00e5 har jeg fundet en kraftig m\u00e5tte der ligger meget op ad farven p\u00e5 resten af bagagerummet som lige skal sk\u00e6res til, jeg kunne godt forstille mig at jeg laver dette om p\u00e5 et senere tidspunkt, men det fungere for nu.<\/p>\n\n\n\n<p>Januar 2013<\/p>\n\n\n\n<p><strong>Instrumentering<\/strong><\/p>\n\n\n\n<figure class=\"wp-block-image size-full is-resized\"><img loading=\"lazy\" decoding=\"async\" width=\"320\" height=\"240\" src=\"http:\/\/eldrevet.dk\/wp-content\/uploads\/2026\/01\/amp_volt.JPG-for-web-normal.jpg\" alt=\"\" class=\"wp-image-68\" style=\"width:357px;height:auto\" srcset=\"https:\/\/eldrevet.dk\/wp-content\/uploads\/2026\/01\/amp_volt.JPG-for-web-normal.jpg 320w, https:\/\/eldrevet.dk\/wp-content\/uploads\/2026\/01\/amp_volt.JPG-for-web-normal-300x225.jpg 300w\" sizes=\"auto, (max-width: 320px) 100vw, 320px\" \/><\/figure>\n\n\n\n<p>Jeg vil gerne holde Whisperen s\u00e5 original som muligt, men jeg har valgt at tilf\u00f8je et voltmeter. Der sad et stort flot amperemeter imellem de to fors\u00e6der, dette var tydeligvis eftermonteret og virkede desv\u00e6rre ikke mere, s\u00e5 jeg har erstattet det af b\u00e5de et voltmeter og et amperemeter, men har valgt at holde dem analog for ikke at bryde stilen. Grunden til at jeg godt vil kunne afl\u00e6se ampere og volt er at forbrugsm\u00e5leren har s\u00e5 f\u00e5 intervaller at det kan v\u00e6re sv\u00e6rt at vide hvormeget&nbsp; der pr\u00e6cist er tilbage i batteripakken.<\/p>\n\n\n\n<p>Februar 2013<\/p>\n\n\n\n<p><strong>Klarg\u00f8ring til bilmesse med danske biler gennem tiden.<\/strong><\/p>\n\n\n\n<figure class=\"wp-block-image size-full is-resized\"><img loading=\"lazy\" decoding=\"async\" width=\"320\" height=\"213\" src=\"http:\/\/eldrevet.dk\/wp-content\/uploads\/2026\/01\/IMG_0965.JPG-for-web-normal.jpg\" alt=\"\" class=\"wp-image-69\" style=\"aspect-ratio:1.5024576333357786;width:412px;height:auto\" srcset=\"https:\/\/eldrevet.dk\/wp-content\/uploads\/2026\/01\/IMG_0965.JPG-for-web-normal.jpg 320w, https:\/\/eldrevet.dk\/wp-content\/uploads\/2026\/01\/IMG_0965.JPG-for-web-normal-300x200.jpg 300w\" sizes=\"auto, (max-width: 320px) 100vw, 320px\" \/><\/figure>\n\n\n\n<p>Whisperen bliver luftet i det fri ifbm. at den snart skal udstilles, her i et sjovt billede hvor den hilser p\u00e5 min Kewet Citivan og det sidste medlem af\u00a0min lille\u00a0danske elbils-familie en M-Car fra Merrilds maskinfabrik<br>Der er en masse sm\u00e5 ting der lige skal p\u00e5 plads, b\u00e5de lidt med elektronikken, men bremserne skal ogs\u00e5 lige skiftes.<\/p>\n\n\n\n<figure class=\"wp-block-image size-full\"><img loading=\"lazy\" decoding=\"async\" width=\"320\" height=\"165\" src=\"http:\/\/eldrevet.dk\/wp-content\/uploads\/2026\/01\/Unavngivet.jpg-for-web-normal.jpg\" alt=\"\" class=\"wp-image-70\" srcset=\"https:\/\/eldrevet.dk\/wp-content\/uploads\/2026\/01\/Unavngivet.jpg-for-web-normal.jpg 320w, https:\/\/eldrevet.dk\/wp-content\/uploads\/2026\/01\/Unavngivet.jpg-for-web-normal-300x155.jpg 300w\" sizes=\"auto, (max-width: 320px) 100vw, 320px\" \/><\/figure>\n\n\n\n<p>Det blev til nye skiver og klodser p\u00e5 forhjulene, og nye bremse-cylindere p\u00e5 baghjulene, samt rensning, sm\u00f8ring og udluftning<\/p>\n\n\n\n<p>Der var tre forskellig hjulcylindre fra VW der ca. passde p\u00e5 den \u00e5rgang, men sammen med&nbsp;den lokale reservedels grossist&nbsp;fandt vi frem til den rigtige i andet fors\u00f8g.<\/p>\n\n\n\n<p>Marts 2013<\/p>\n\n\n\n<figure class=\"wp-block-image\"><img decoding=\"async\" src=\"\/IMG_1060.JPG-for-web-normal.jpg\" alt=\"\"\/><\/figure>\n\n\n\n<figure class=\"wp-block-image size-full is-resized\"><img loading=\"lazy\" decoding=\"async\" width=\"320\" height=\"213\" src=\"http:\/\/eldrevet.dk\/wp-content\/uploads\/2026\/01\/IMG_1060.JPG-for-web-normal.jpg\" alt=\"\" class=\"wp-image-71\" style=\"aspect-ratio:1.5024576333357786;width:434px;height:auto\" srcset=\"https:\/\/eldrevet.dk\/wp-content\/uploads\/2026\/01\/IMG_1060.JPG-for-web-normal.jpg 320w, https:\/\/eldrevet.dk\/wp-content\/uploads\/2026\/01\/IMG_1060.JPG-for-web-normal-300x200.jpg 300w\" sizes=\"auto, (max-width: 320px) 100vw, 320px\" \/><\/figure>\n\n\n\n<p>Lakken var blevet lidt mat med tiden, og kofangerene var skaldet af de hvor den havde haft kontakt med andere ting og sager gennem tiden.<\/p>\n\n\n\n<p>f\u00f8rst en tur med slangen og almindeligt vand, derefter to gange med shampoo uden voks, derefter gik jeg lakken efter for tj\u00e6rerester og andre ting der hang fast i lakken, s\u00e5 endnu en vask uden voks, s\u00e5 skulle bilen t\u00f8rre op og s\u00e5 var det tid til f\u00f8rste polering (ud af tre)<\/p>\n\n\n\n<figure class=\"wp-block-image size-full is-resized\"><img loading=\"lazy\" decoding=\"async\" width=\"320\" height=\"213\" src=\"http:\/\/eldrevet.dk\/wp-content\/uploads\/2026\/01\/IMG_1070.JPG-for-web-normal.jpg\" alt=\"\" class=\"wp-image-72\" style=\"aspect-ratio:1.5024576333357786;width:465px;height:auto\" srcset=\"https:\/\/eldrevet.dk\/wp-content\/uploads\/2026\/01\/IMG_1070.JPG-for-web-normal.jpg 320w, https:\/\/eldrevet.dk\/wp-content\/uploads\/2026\/01\/IMG_1070.JPG-for-web-normal-300x200.jpg 300w\" sizes=\"auto, (max-width: 320px) 100vw, 320px\" \/><\/figure>\n\n\n\n<p>Sidste eftersyn inden Whisperen skulle til syn.<\/p>\n\n\n\n<p>En tur p\u00e5 bremsestanden, tjek af lygter osv.<\/p>\n\n\n\n<figure class=\"wp-block-image size-full is-resized\"><img loading=\"lazy\" decoding=\"async\" width=\"320\" height=\"213\" src=\"http:\/\/eldrevet.dk\/wp-content\/uploads\/2026\/01\/IMG_1025.JPG-for-web-normal.jpg\" alt=\"\" class=\"wp-image-73\" style=\"aspect-ratio:1.5024576333357786;width:420px;height:auto\" srcset=\"https:\/\/eldrevet.dk\/wp-content\/uploads\/2026\/01\/IMG_1025.JPG-for-web-normal.jpg 320w, https:\/\/eldrevet.dk\/wp-content\/uploads\/2026\/01\/IMG_1025.JPG-for-web-normal-300x200.jpg 300w\" sizes=\"auto, (max-width: 320px) 100vw, 320px\" \/><\/figure>\n\n\n\n<p>Whisperen bliver synet, det var synsmanden Klaus&nbsp;f\u00f8rste syn af en EL-bil hvilket \u00e5bnede op for mit repertoire af EL-bil jokes, som hvor godt den gik i tomgang og at han skulle huske at kulilte-teste den.<\/p>\n\n\n\n<figure class=\"wp-block-image\"><img decoding=\"async\" src=\"\/IMG_1074.JPG-for-web-normal.jpg\" alt=\"\"\/><\/figure>\n\n\n\n<figure class=\"wp-block-image size-full is-resized\"><img loading=\"lazy\" decoding=\"async\" width=\"320\" height=\"213\" src=\"http:\/\/eldrevet.dk\/wp-content\/uploads\/2026\/01\/IMG_1074.JPG-for-web-normal.jpg\" alt=\"\" class=\"wp-image-75\" style=\"aspect-ratio:1.5024576333357786;width:433px;height:auto\" srcset=\"https:\/\/eldrevet.dk\/wp-content\/uploads\/2026\/01\/IMG_1074.JPG-for-web-normal.jpg 320w, https:\/\/eldrevet.dk\/wp-content\/uploads\/2026\/01\/IMG_1074.JPG-for-web-normal-300x200.jpg 300w\" sizes=\"auto, (max-width: 320px) 100vw, 320px\" \/><\/figure>\n\n\n\n<p>Og det endte heldigvis godt, Whisperen nysynet med nye nummerplader p\u00e5.<\/p>\n\n\n\n<figure class=\"wp-block-image size-full is-resized\"><img loading=\"lazy\" decoding=\"async\" width=\"320\" height=\"213\" src=\"http:\/\/eldrevet.dk\/wp-content\/uploads\/2026\/01\/IMG_1102.JPG-for-web-normal.jpg\" alt=\"\" class=\"wp-image-76\" style=\"aspect-ratio:1.5024576333357786;width:460px;height:auto\" srcset=\"https:\/\/eldrevet.dk\/wp-content\/uploads\/2026\/01\/IMG_1102.JPG-for-web-normal.jpg 320w, https:\/\/eldrevet.dk\/wp-content\/uploads\/2026\/01\/IMG_1102.JPG-for-web-normal-300x200.jpg 300w\" sizes=\"auto, (max-width: 320px) 100vw, 320px\" \/><\/figure>\n\n\n\n<p>Whisper II her sammen med sin &#8220;stores\u00f8ster&#8221; i Fredericia da de sammen med mange andre danskproducerede biler blev udstillet marts 2013<\/p>\n\n\n\n<figure class=\"wp-block-image size-large\"><img loading=\"lazy\" decoding=\"async\" width=\"1024\" height=\"640\" src=\"http:\/\/eldrevet.dk\/wp-content\/uploads\/2026\/01\/fars-1024x640.jpg\" alt=\"\" class=\"wp-image-77\" srcset=\"https:\/\/eldrevet.dk\/wp-content\/uploads\/2026\/01\/fars-1024x640.jpg 1024w, https:\/\/eldrevet.dk\/wp-content\/uploads\/2026\/01\/fars-300x188.jpg 300w, https:\/\/eldrevet.dk\/wp-content\/uploads\/2026\/01\/fars-768x480.jpg 768w, https:\/\/eldrevet.dk\/wp-content\/uploads\/2026\/01\/fars-1536x960.jpg 1536w, https:\/\/eldrevet.dk\/wp-content\/uploads\/2026\/01\/fars.jpg 1572w\" sizes=\"auto, (max-width: 1024px) 100vw, 1024px\" \/><\/figure>\n\n\n\n<p>Juni 2013 &#8211; &#8220;Fars dag&#8221; p\u00e5 Danmarks Teknisk Museum<\/p>\n\n\n\n<figure class=\"wp-block-image size-full is-resized\"><img loading=\"lazy\" decoding=\"async\" width=\"320\" height=\"240\" src=\"http:\/\/eldrevet.dk\/wp-content\/uploads\/2026\/01\/24-5-14Whisper.jpg-for-web-normal.jpg\" alt=\"\" class=\"wp-image-78\" style=\"width:480px;height:auto\" srcset=\"https:\/\/eldrevet.dk\/wp-content\/uploads\/2026\/01\/24-5-14Whisper.jpg-for-web-normal.jpg 320w, https:\/\/eldrevet.dk\/wp-content\/uploads\/2026\/01\/24-5-14Whisper.jpg-for-web-normal-300x225.jpg 300w\" sizes=\"auto, (max-width: 320px) 100vw, 320px\" \/><\/figure>\n\n\n\n<p>Maj 2014 &#8211; Elbilstr\u00e6f i K\u00f8benhavns Sydhavn<\/p>\n\n\n\n<figure class=\"wp-block-image size-full is-resized\"><img loading=\"lazy\" decoding=\"async\" width=\"320\" height=\"240\" src=\"http:\/\/eldrevet.dk\/wp-content\/uploads\/2026\/01\/19-08-14whisper.jpg-for-web-normal.jpg\" alt=\"\" class=\"wp-image-79\" style=\"width:417px;height:auto\" srcset=\"https:\/\/eldrevet.dk\/wp-content\/uploads\/2026\/01\/19-08-14whisper.jpg-for-web-normal.jpg 320w, https:\/\/eldrevet.dk\/wp-content\/uploads\/2026\/01\/19-08-14whisper.jpg-for-web-normal-300x225.jpg 300w\" sizes=\"auto, (max-width: 320px) 100vw, 320px\" \/><\/figure>\n\n\n\n<p>August 2014 &#8211; Optagelse til tv-program om biler<\/p>\n\n\n\n<figure class=\"wp-block-image size-full is-resized\"><img loading=\"lazy\" decoding=\"async\" width=\"864\" height=\"579\" src=\"http:\/\/eldrevet.dk\/wp-content\/uploads\/2026\/01\/Dandream.jpg\" alt=\"\" class=\"wp-image-80\" style=\"aspect-ratio:1.4922656960873522;width:447px;height:auto\" srcset=\"https:\/\/eldrevet.dk\/wp-content\/uploads\/2026\/01\/Dandream.jpg 864w, https:\/\/eldrevet.dk\/wp-content\/uploads\/2026\/01\/Dandream-300x201.jpg 300w, https:\/\/eldrevet.dk\/wp-content\/uploads\/2026\/01\/Dandream-768x515.jpg 768w\" sizes=\"auto, (max-width: 864px) 100vw, 864px\" \/><\/figure>\n\n\n\n<p>August 2016 &#8211; optagelse til filmen Dandream<\/p>\n\n\n\n<figure class=\"wp-block-image size-large is-resized\"><img loading=\"lazy\" decoding=\"async\" width=\"1024\" height=\"726\" src=\"http:\/\/eldrevet.dk\/wp-content\/uploads\/2026\/01\/Nye_batterier-1024x726.jpg\" alt=\"\" class=\"wp-image-81\" style=\"aspect-ratio:1.4105251841100899;width:471px;height:auto\" srcset=\"https:\/\/eldrevet.dk\/wp-content\/uploads\/2026\/01\/Nye_batterier-1024x726.jpg 1024w, https:\/\/eldrevet.dk\/wp-content\/uploads\/2026\/01\/Nye_batterier-300x213.jpg 300w, https:\/\/eldrevet.dk\/wp-content\/uploads\/2026\/01\/Nye_batterier-768x545.jpg 768w, https:\/\/eldrevet.dk\/wp-content\/uploads\/2026\/01\/Nye_batterier.jpg 1310w\" sizes=\"auto, (max-width: 1024px) 100vw, 1024px\" \/><\/figure>\n\n\n\n<p>August 2016 Nye batterier 12 x 6v -180Ah<\/p>\n\n\n\n<figure class=\"wp-block-image size-large is-resized\"><img loading=\"lazy\" decoding=\"async\" width=\"1024\" height=\"560\" src=\"http:\/\/eldrevet.dk\/wp-content\/uploads\/2026\/01\/naesten_80-1024x560.jpg\" alt=\"\" class=\"wp-image-83\" style=\"width:464px;height:auto\" srcset=\"https:\/\/eldrevet.dk\/wp-content\/uploads\/2026\/01\/naesten_80-1024x560.jpg 1024w, https:\/\/eldrevet.dk\/wp-content\/uploads\/2026\/01\/naesten_80-300x164.jpg 300w, https:\/\/eldrevet.dk\/wp-content\/uploads\/2026\/01\/naesten_80-768x420.jpg 768w, https:\/\/eldrevet.dk\/wp-content\/uploads\/2026\/01\/naesten_80.jpg 1442w\" sizes=\"auto, (max-width: 1024px) 100vw, 1024px\" \/><\/figure>\n\n\n\n<p>Februar 2017 en tur p\u00e5 motorvejen&#8230; n\u00e6sten 80km\/t<\/p>\n\n\n\n<figure class=\"wp-block-image size-large is-resized\"><img loading=\"lazy\" decoding=\"async\" width=\"1024\" height=\"768\" src=\"http:\/\/eldrevet.dk\/wp-content\/uploads\/2026\/01\/IMG_20170328_195206-1024x768.jpg\" alt=\"\" class=\"wp-image-85\" style=\"width:485px;height:auto\" srcset=\"https:\/\/eldrevet.dk\/wp-content\/uploads\/2026\/01\/IMG_20170328_195206-1024x768.jpg 1024w, https:\/\/eldrevet.dk\/wp-content\/uploads\/2026\/01\/IMG_20170328_195206-300x225.jpg 300w, https:\/\/eldrevet.dk\/wp-content\/uploads\/2026\/01\/IMG_20170328_195206-768x576.jpg 768w, https:\/\/eldrevet.dk\/wp-content\/uploads\/2026\/01\/IMG_20170328_195206-1536x1152.jpg 1536w, https:\/\/eldrevet.dk\/wp-content\/uploads\/2026\/01\/IMG_20170328_195206-2048x1536.jpg 2048w\" sizes=\"auto, (max-width: 1024px) 100vw, 1024px\" \/><\/figure>\n\n\n\n<p>Marts 2017 &#8211; Gallapremiera p\u00e5 filmen Dandream<\/p>\n\n\n\n<figure class=\"wp-block-image size-large is-resized\"><img loading=\"lazy\" decoding=\"async\" width=\"907\" height=\"1024\" src=\"http:\/\/eldrevet.dk\/wp-content\/uploads\/2026\/01\/IMG_20170325_151924_457-907x1024.jpg\" alt=\"\" class=\"wp-image-86\" style=\"aspect-ratio:0.8857682959762355;width:486px;height:auto\" srcset=\"https:\/\/eldrevet.dk\/wp-content\/uploads\/2026\/01\/IMG_20170325_151924_457-907x1024.jpg 907w, https:\/\/eldrevet.dk\/wp-content\/uploads\/2026\/01\/IMG_20170325_151924_457-266x300.jpg 266w, https:\/\/eldrevet.dk\/wp-content\/uploads\/2026\/01\/IMG_20170325_151924_457-768x867.jpg 768w, https:\/\/eldrevet.dk\/wp-content\/uploads\/2026\/01\/IMG_20170325_151924_457-1360x1536.jpg 1360w, https:\/\/eldrevet.dk\/wp-content\/uploads\/2026\/01\/IMG_20170325_151924_457-1814x2048.jpg 1814w\" sizes=\"auto, (max-width: 907px) 100vw, 907px\" \/><\/figure>\n\n\n\n<p>Marts 2017 &#8211; Fredericia &#8211; Bilmesse og Brugtmarked<\/p>\n\n\n\n<figure class=\"wp-block-image size-large is-resized\"><img loading=\"lazy\" decoding=\"async\" width=\"1024\" height=\"768\" src=\"http:\/\/eldrevet.dk\/wp-content\/uploads\/2026\/01\/syn2017-1024x768.jpg\" alt=\"\" class=\"wp-image-102\" style=\"width:615px;height:auto\" srcset=\"https:\/\/eldrevet.dk\/wp-content\/uploads\/2026\/01\/syn2017-1024x768.jpg 1024w, https:\/\/eldrevet.dk\/wp-content\/uploads\/2026\/01\/syn2017-300x225.jpg 300w, https:\/\/eldrevet.dk\/wp-content\/uploads\/2026\/01\/syn2017-768x576.jpg 768w, https:\/\/eldrevet.dk\/wp-content\/uploads\/2026\/01\/syn2017.jpg 1440w\" sizes=\"auto, (max-width: 1024px) 100vw, 1024px\" \/><\/figure>\n\n\n\n<p>April 2017 &#8211; nysynet og solskin<\/p>\n\n\n\n<figure class=\"wp-block-image size-large is-resized\"><img loading=\"lazy\" decoding=\"async\" width=\"1024\" height=\"768\" src=\"http:\/\/eldrevet.dk\/wp-content\/uploads\/2026\/01\/IMG_20180623_130906-1024x768.jpg\" alt=\"\" class=\"wp-image-90\" style=\"width:617px;height:auto\" srcset=\"https:\/\/eldrevet.dk\/wp-content\/uploads\/2026\/01\/IMG_20180623_130906-1024x768.jpg 1024w, https:\/\/eldrevet.dk\/wp-content\/uploads\/2026\/01\/IMG_20180623_130906-300x225.jpg 300w, https:\/\/eldrevet.dk\/wp-content\/uploads\/2026\/01\/IMG_20180623_130906-768x576.jpg 768w, https:\/\/eldrevet.dk\/wp-content\/uploads\/2026\/01\/IMG_20180623_130906-1536x1152.jpg 1536w, https:\/\/eldrevet.dk\/wp-content\/uploads\/2026\/01\/IMG_20180623_130906-2048x1536.jpg 2048w\" sizes=\"auto, (max-width: 1024px) 100vw, 1024px\" \/><\/figure>\n\n\n\n<p>Juni 2018 &#8211; Struer elbil-festival<\/p>\n\n\n\n<figure class=\"wp-block-image size-large is-resized\"><img loading=\"lazy\" decoding=\"async\" width=\"1024\" height=\"768\" src=\"http:\/\/eldrevet.dk\/wp-content\/uploads\/2026\/01\/IMG_20190707_133835-1024x768.jpg\" alt=\"\" class=\"wp-image-88\" style=\"width:568px;height:auto\" srcset=\"https:\/\/eldrevet.dk\/wp-content\/uploads\/2026\/01\/IMG_20190707_133835-1024x768.jpg 1024w, https:\/\/eldrevet.dk\/wp-content\/uploads\/2026\/01\/IMG_20190707_133835-300x225.jpg 300w, https:\/\/eldrevet.dk\/wp-content\/uploads\/2026\/01\/IMG_20190707_133835-768x576.jpg 768w, https:\/\/eldrevet.dk\/wp-content\/uploads\/2026\/01\/IMG_20190707_133835-1536x1152.jpg 1536w, https:\/\/eldrevet.dk\/wp-content\/uploads\/2026\/01\/IMG_20190707_133835-2048x1536.jpg 2048w\" sizes=\"auto, (max-width: 1024px) 100vw, 1024px\" \/><\/figure>\n\n\n\n<p>Juli 2019 Classic biltr\u00e6f i Helsing\u00f8r<\/p>\n\n\n\n<figure class=\"wp-block-image size-large is-resized\"><img loading=\"lazy\" decoding=\"async\" width=\"1024\" height=\"768\" src=\"http:\/\/eldrevet.dk\/wp-content\/uploads\/2026\/01\/tanken-1024x768.jpg\" alt=\"\" class=\"wp-image-103\" style=\"width:616px;height:auto\" srcset=\"https:\/\/eldrevet.dk\/wp-content\/uploads\/2026\/01\/tanken-1024x768.jpg 1024w, https:\/\/eldrevet.dk\/wp-content\/uploads\/2026\/01\/tanken-300x225.jpg 300w, https:\/\/eldrevet.dk\/wp-content\/uploads\/2026\/01\/tanken-768x576.jpg 768w, https:\/\/eldrevet.dk\/wp-content\/uploads\/2026\/01\/tanken.jpg 1440w\" sizes=\"auto, (max-width: 1024px) 100vw, 1024px\" \/><\/figure>\n\n\n\n<p>Juni 2019 &#8211; AJ tanken i Skovshovedet<\/p>\n\n\n\n<figure class=\"wp-block-image size-large is-resized\"><img loading=\"lazy\" decoding=\"async\" width=\"1024\" height=\"768\" src=\"http:\/\/eldrevet.dk\/wp-content\/uploads\/2026\/01\/Sommers-1024x768.jpg\" alt=\"\" class=\"wp-image-101\" style=\"width:657px;height:auto\" srcset=\"https:\/\/eldrevet.dk\/wp-content\/uploads\/2026\/01\/Sommers-1024x768.jpg 1024w, https:\/\/eldrevet.dk\/wp-content\/uploads\/2026\/01\/Sommers-300x225.jpg 300w, https:\/\/eldrevet.dk\/wp-content\/uploads\/2026\/01\/Sommers-768x576.jpg 768w, https:\/\/eldrevet.dk\/wp-content\/uploads\/2026\/01\/Sommers.jpg 1440w\" sizes=\"auto, (max-width: 1024px) 100vw, 1024px\" \/><\/figure>\n\n\n\n<p>April 2021 &#8211; Classic k\u00f8rsel &#8211; N\u00e6rum<\/p>\n\n\n\n<figure class=\"wp-block-image size-large is-resized\"><img loading=\"lazy\" decoding=\"async\" width=\"1024\" height=\"768\" src=\"http:\/\/eldrevet.dk\/wp-content\/uploads\/2026\/01\/sorgenfri-1024x768.jpg\" alt=\"\" class=\"wp-image-97\" style=\"width:649px;height:auto\" srcset=\"https:\/\/eldrevet.dk\/wp-content\/uploads\/2026\/01\/sorgenfri-1024x768.jpg 1024w, https:\/\/eldrevet.dk\/wp-content\/uploads\/2026\/01\/sorgenfri-300x225.jpg 300w, https:\/\/eldrevet.dk\/wp-content\/uploads\/2026\/01\/sorgenfri-768x576.jpg 768w, https:\/\/eldrevet.dk\/wp-content\/uploads\/2026\/01\/sorgenfri.jpg 1440w\" sizes=\"auto, (max-width: 1024px) 100vw, 1024px\" \/><\/figure>\n\n\n\n<p>Juni 2021 &#8211; Classic tr\u00e6f i Klampenborg<\/p>\n\n\n\n<figure class=\"wp-block-image size-large is-resized\"><img loading=\"lazy\" decoding=\"async\" width=\"1024\" height=\"612\" src=\"http:\/\/eldrevet.dk\/wp-content\/uploads\/2026\/01\/galopbanen-1024x612.jpg\" alt=\"\" class=\"wp-image-92\" style=\"aspect-ratio:1.673255962249713;width:589px;height:auto\" srcset=\"https:\/\/eldrevet.dk\/wp-content\/uploads\/2026\/01\/galopbanen-1024x612.jpg 1024w, https:\/\/eldrevet.dk\/wp-content\/uploads\/2026\/01\/galopbanen-300x179.jpg 300w, https:\/\/eldrevet.dk\/wp-content\/uploads\/2026\/01\/galopbanen-768x459.jpg 768w, https:\/\/eldrevet.dk\/wp-content\/uploads\/2026\/01\/galopbanen.jpg 1371w\" sizes=\"auto, (max-width: 1024px) 100vw, 1024px\" \/><\/figure>\n\n\n\n<p>Maj 2022 &#8211; Classic tr\u00e6f Klampenborg Galopbane<\/p>\n\n\n\n<figure class=\"wp-block-image size-large is-resized\"><img loading=\"lazy\" decoding=\"async\" width=\"1024\" height=\"581\" src=\"http:\/\/eldrevet.dk\/wp-content\/uploads\/2026\/01\/Vintage-1024x581.jpg\" alt=\"\" class=\"wp-image-94\" style=\"aspect-ratio:1.7625524769101595;width:688px;height:auto\" srcset=\"https:\/\/eldrevet.dk\/wp-content\/uploads\/2026\/01\/Vintage-1024x581.jpg 1024w, https:\/\/eldrevet.dk\/wp-content\/uploads\/2026\/01\/Vintage-300x170.jpg 300w, https:\/\/eldrevet.dk\/wp-content\/uploads\/2026\/01\/Vintage-768x436.jpg 768w, https:\/\/eldrevet.dk\/wp-content\/uploads\/2026\/01\/Vintage.jpg 1370w\" sizes=\"auto, (max-width: 1024px) 100vw, 1024px\" \/><\/figure>\n\n\n\n<p>Maj 2022 &#8211; Vintage steel &#8211; K\u00f8benhavn<\/p>\n\n\n\n<figure class=\"wp-block-image size-full is-resized\"><img loading=\"lazy\" decoding=\"async\" width=\"778\" height=\"627\" src=\"http:\/\/eldrevet.dk\/wp-content\/uploads\/2026\/01\/Osommer.jpg\" alt=\"\" class=\"wp-image-87\" style=\"aspect-ratio:1.2408662712455765;width:561px;height:auto\" srcset=\"https:\/\/eldrevet.dk\/wp-content\/uploads\/2026\/01\/Osommer.jpg 778w, https:\/\/eldrevet.dk\/wp-content\/uploads\/2026\/01\/Osommer-300x242.jpg 300w, https:\/\/eldrevet.dk\/wp-content\/uploads\/2026\/01\/Osommer-768x619.jpg 768w\" sizes=\"auto, (max-width: 778px) 100vw, 778px\" \/><\/figure>\n\n\n\n<p>December 2022 &#8211; Danske biler hos Ole Sommer &#8211; N\u00e6rum<\/p>\n\n\n\n<figure class=\"wp-block-image size-large is-resized\"><img loading=\"lazy\" decoding=\"async\" width=\"1024\" height=\"577\" src=\"http:\/\/eldrevet.dk\/wp-content\/uploads\/2026\/01\/Syn-2025-1024x577.jpg\" alt=\"\" class=\"wp-image-106\" style=\"aspect-ratio:1.774711710797741;width:679px;height:auto\" srcset=\"https:\/\/eldrevet.dk\/wp-content\/uploads\/2026\/01\/Syn-2025-1024x577.jpg 1024w, https:\/\/eldrevet.dk\/wp-content\/uploads\/2026\/01\/Syn-2025-300x169.jpg 300w, https:\/\/eldrevet.dk\/wp-content\/uploads\/2026\/01\/Syn-2025-768x432.jpg 768w, https:\/\/eldrevet.dk\/wp-content\/uploads\/2026\/01\/Syn-2025-1536x865.jpg 1536w, https:\/\/eldrevet.dk\/wp-content\/uploads\/2026\/01\/Syn-2025.jpg 2048w\" sizes=\"auto, (max-width: 1024px) 100vw, 1024px\" \/><\/figure>\n\n\n\n<p>Juni 2025 &#8211; Nysynet igen<\/p>\n\n\n\n<figure class=\"wp-block-image size-large is-resized\"><img loading=\"lazy\" decoding=\"async\" width=\"1024\" height=\"577\" src=\"http:\/\/eldrevet.dk\/wp-content\/uploads\/2026\/01\/sommer2025-1024x577.jpg\" alt=\"\" class=\"wp-image-107\" style=\"aspect-ratio:1.774711710797741;width:707px;height:auto\" srcset=\"https:\/\/eldrevet.dk\/wp-content\/uploads\/2026\/01\/sommer2025-1024x577.jpg 1024w, https:\/\/eldrevet.dk\/wp-content\/uploads\/2026\/01\/sommer2025-300x169.jpg 300w, https:\/\/eldrevet.dk\/wp-content\/uploads\/2026\/01\/sommer2025-768x432.jpg 768w, https:\/\/eldrevet.dk\/wp-content\/uploads\/2026\/01\/sommer2025.jpg 1524w\" sizes=\"auto, (max-width: 1024px) 100vw, 1024px\" \/><\/figure>\n\n\n\n<p>Januar 2026 &#8211; Sommers Automobilmuseum<\/p>\n\n\n\n<p><\/p>\n","protected":false},"excerpt":{"rendered":"<p>I starten ville bilen ikke k\u00f8re, da en kontakt&nbsp;der sluttes af l\u00e5get til 220v stikket ikke sluttede, det g\u00f8r den nu og bilen k\u00f8rer igen, men den vil dog ikke bremse, hvilket jeg konstaterede meget t\u00e6t p\u00e5 plankev\u00e6rket ind til naboen, efterfulgt af en s\u00f8 af bremsev\u00e6ske fra venstre baghjul,&nbsp;s\u00e5 det skal der ogs\u00e5 lige &#8230; <a title=\"Renovering af Whisperen\" class=\"read-more\" href=\"https:\/\/eldrevet.dk\/?page_id=55\" aria-label=\"Read more about Renovering af Whisperen\">Read more<\/a><\/p>\n","protected":false},"author":1,"featured_media":0,"parent":0,"menu_order":0,"comment_status":"closed","ping_status":"closed","template":"","meta":{"footnotes":""},"class_list":["post-55","page","type-page","status-publish"],"_links":{"self":[{"href":"https:\/\/eldrevet.dk\/index.php?rest_route=\/wp\/v2\/pages\/55","targetHints":{"allow":["GET"]}}],"collection":[{"href":"https:\/\/eldrevet.dk\/index.php?rest_route=\/wp\/v2\/pages"}],"about":[{"href":"https:\/\/eldrevet.dk\/index.php?rest_route=\/wp\/v2\/types\/page"}],"author":[{"embeddable":true,"href":"https:\/\/eldrevet.dk\/index.php?rest_route=\/wp\/v2\/users\/1"}],"replies":[{"embeddable":true,"href":"https:\/\/eldrevet.dk\/index.php?rest_route=%2Fwp%2Fv2%2Fcomments&post=55"}],"version-history":[{"count":8,"href":"https:\/\/eldrevet.dk\/index.php?rest_route=\/wp\/v2\/pages\/55\/revisions"}],"predecessor-version":[{"id":108,"href":"https:\/\/eldrevet.dk\/index.php?rest_route=\/wp\/v2\/pages\/55\/revisions\/108"}],"wp:attachment":[{"href":"https:\/\/eldrevet.dk\/index.php?rest_route=%2Fwp%2Fv2%2Fmedia&parent=55"}],"curies":[{"name":"wp","href":"https:\/\/api.w.org\/{rel}","templated":true}]}}